{"id":586,"date":"2025-03-26T20:58:03","date_gmt":"2025-03-26T20:58:03","guid":{"rendered":"https:\/\/sshid.bruchertseifer.com\/conseil-dadministration\/"},"modified":"2025-06-24T10:47:37","modified_gmt":"2025-06-24T10:47:37","slug":"conseil-dadministration","status":"publish","type":"page","link":"https:\/\/sshid.info\/fr\/a-propos-de-nous\/conseil-dadministration\/","title":{"rendered":"Comit\u00e9 directeur"},"content":{"rendered":"<p>[et_pb_section fb_built=\u00a0\u00bb1&Prime; admin_label=\u00a0\u00bbFeatures\u00a0\u00bb _builder_version=\u00a0\u00bb4.27.4&Prime; _module_preset=\u00a0\u00bbaf9816ba-6419-4e26-b558-beea041cd9c8&Prime; background_color=\u00a0\u00bb#9AB5D4&Prime; background_image=\u00a0\u00bbhttps:\/\/sshid.info\/wp-content\/uploads\/2025\/02\/Header-Background-Light.jpg\u00a0\u00bb scroll_vertical_motion=\u00a0\u00bb0|47|47|100|4|0|-4&Prime; custom_css_main_element=\u00a0\u00bbdisplay: flex;||flex-direction: column;||justify-content: center;\u00a0\u00bb collapsed=\u00a0\u00bbon\u00a0\u00bb global_colors_info=\u00a0\u00bb{}\u00a0\u00bb][et_pb_row _builder_version=\u00a0\u00bb4.27.4&Prime; _module_preset=\u00a0\u00bbdefault\u00a0\u00bb custom_margin=\u00a0\u00bb100px|auto|100px|auto||\u00a0\u00bb global_colors_info=\u00a0\u00bb{}\u00a0\u00bb][et_pb_column type=\u00a0\u00bb4_4&Prime; _builder_version=\u00a0\u00bb4.27.4&Prime; _module_preset=\u00a0\u00bbdefault\u00a0\u00bb global_colors_info=\u00a0\u00bb{}\u00a0\u00bb][et_pb_heading title=\u00a0\u00bbComit\u00e9 directeur\u00a0\u00bb _builder_version=\u00a0\u00bb4.27.4&Prime; _module_preset=\u00a0\u00bbeeb21040-1152-4e66-a7ed-ea6406e4881e\u00a0\u00bb title_level=\u00a0\u00bbh1&Prime; title_font=\u00a0\u00bb||||||||\u00a0\u00bb title_text_align=\u00a0\u00bbcenter\u00a0\u00bb title_text_color=\u00a0\u00bb#024594&Prime; title_font_size=\u00a0\u00bb120px\u00a0\u00bb title_line_height=\u00a0\u00bb1.2em\u00a0\u00bb scroll_vertical_motion=\u00a0\u00bb0|50|50|100|1.5|0|-1.5&Prime; motion_trigger_start=\u00a0\u00bbbottom\u00a0\u00bb title_font_size_tablet=\u00a0\u00bb80px\u00a0\u00bb title_font_size_phone=\u00a0\u00bb48px\u00a0\u00bb global_colors_info=\u00a0\u00bb{}\u00a0\u00bb][\/et_pb_heading][\/et_pb_column][\/et_pb_row][\/et_pb_section][et_pb_section fb_built=\u00a0\u00bb1&Prime; _builder_version=\u00a0\u00bb4.27.4&Prime; _module_preset=\u00a0\u00bbdefault\u00a0\u00bb background_color=\u00a0\u00bb#FFFFFF\u00a0\u00bb global_colors_info=\u00a0\u00bb{}\u00a0\u00bb][et_pb_row column_structure=\u00a0\u00bb1_3,1_3,1_3&Prime; _builder_version=\u00a0\u00bb4.27.4&Prime; _module_preset=\u00a0\u00bbdefault\u00a0\u00bb global_colors_info=\u00a0\u00bb{}\u00a0\u00bb][et_pb_column type=\u00a0\u00bb1_3&Prime; _builder_version=\u00a0\u00bb4.27.4&Prime; _module_preset=\u00a0\u00bbdefault\u00a0\u00bb global_colors_info=\u00a0\u00bb{}\u00a0\u00bb][et_pb_image src=\u00a0\u00bbhttps:\/\/sshid.info\/wp-content\/uploads\/2025\/03\/Vorstand_SSHID_Dan_Gerogescu.jpg\u00a0\u00bb alt=\u00a0\u00bbConseil d&#039;administration_SSHID_Dan_Gerogescu\u00a0\u00bb title_text=\u00a0\u00bbConseil d&#039;administration_SSHID_Dan_Gerogescu\u00a0\u00bb module_class=\u00a0\u00bbimage-format-wide\u00a0\u00bb _builder_version=\u00a0\u00bb4.27.4&Prime; _module_preset=\u00a0\u00bbdefault\u00a0\u00bb global_colors_info=\u00a0\u00bb{}\u00a0\u00bb][\/et_pb_image][et_pb_text _builder_version=\u00a0\u00bb4.27.4&Prime; _module_preset=\u00a0\u00bbdefault\u00a0\u00bb global_colors_info=\u00a0\u00bb{}\u00a0\u00bb]<\/p>\n<p><strong>Dr. med. Dan Georgescu<br \/><\/strong>Pr\u00e9sident<\/p>\n<p>[\/et_pb_text][et_pb_text _builder_version=\u00a0\u00bb4.27.4&Prime; _module_preset=\u00a0\u00bbdefault\u00a0\u00bb global_colors_info=\u00a0\u00bb{}\u00a0\u00bb]<\/p>\n<p>M\u00e9decin sp\u00e9cialiste en psychiatrie et psychoth\u00e9rapie<br \/>spez. Psychiatrie et psychoth\u00e9rapie de la personne \u00e2g\u00e9e<br \/>sp\u00e9c. Psychiatrie de consultation et de liaison<br \/>FA M\u00e9decine psychosomatique et psychosociale<\/p>\n<p>[\/et_pb_text][\/et_pb_column][et_pb_column type=\u00a0\u00bb1_3&Prime; _builder_version=\u00a0\u00bb4.27.4&Prime; _module_preset=\u00a0\u00bbdefault\u00a0\u00bb global_colors_info=\u00a0\u00bb{}\u00a0\u00bb][et_pb_image src=\u00a0\u00bbhttps:\/\/sshid.info\/wp-content\/uploads\/2025\/03\/Vorstand_SSHID_Markus_Kosel.jpg\u00a0\u00bb alt=\u00a0\u00bbConseil d&#039;administration_SSHID_Markus_Kosel\u00a0\u00bb title_text=\u00a0\u00bbConseil d&#039;administration_SSHID_Markus_Kosel\u00a0\u00bb module_class=\u00a0\u00bbimage-format-wide\u00a0\u00bb _builder_version=\u00a0\u00bb4.27.4&Prime; _module_preset=\u00a0\u00bbdefault\u00a0\u00bb global_colors_info=\u00a0\u00bb{}\u00a0\u00bb][\/et_pb_image][et_pb_text _builder_version=\u00a0\u00bb4.27.4&Prime; _module_preset=\u00a0\u00bbdefault\u00a0\u00bb global_colors_info=\u00a0\u00bb{}\u00a0\u00bb]<\/p>\n<p><strong>PD Dr. med. Markus Kosel<br \/><\/strong>Vice-pr\u00e9sident<\/p>\n<p>[\/et_pb_text][et_pb_text _builder_version=\u00a0\u00bb4.27.4&Prime; _module_preset=\u00a0\u00bbdefault\u00a0\u00bb global_colors_info=\u00a0\u00bb{}\u00a0\u00bb]<\/p>\n<p>M\u00e9decin sp\u00e9cialiste en psychiatrie et psychoth\u00e9rapie<\/p>\n<p>[\/et_pb_text][\/et_pb_column][et_pb_column type=\u00a0\u00bb1_3&Prime; _builder_version=\u00a0\u00bb4.27.4&Prime; _module_preset=\u00a0\u00bbdefault\u00a0\u00bb global_colors_info=\u00a0\u00bb{}\u00a0\u00bb][et_pb_image src=\u00a0\u00bbhttps:\/\/sshid.info\/wp-content\/uploads\/2025\/03\/Vorstand_SSHID_Andreas_Fuchs.jpg\u00a0\u00bb alt=\u00a0\u00bbConseil d&#039;administration_SSHID_Andreas_Fuchs\u00a0\u00bb title_text=\u00a0\u00bbConseil d&#039;administration_SSHID_Andreas_Fuchs\u00a0\u00bb module_class=\u00a0\u00bbimage-format-wide\u00a0\u00bb _builder_version=\u00a0\u00bb4.27.4&Prime; _module_preset=\u00a0\u00bbdefault\u00a0\u00bb global_colors_info=\u00a0\u00bb{}\u00a0\u00bb][\/et_pb_image][et_pb_text _builder_version=\u00a0\u00bb4.27.4&Prime; _module_preset=\u00a0\u00bbdefault\u00a0\u00bb global_colors_info=\u00a0\u00bb{}\u00a0\u00bb]<\/p>\n<p><strong>Dr. med. Andreas Fuchs<br \/><\/strong>Tr\u00e9sorier<\/p>\n<p>[\/et_pb_text][et_pb_text _builder_version=\u00a0\u00bb4.27.4&Prime; _module_preset=\u00a0\u00bbdefault\u00a0\u00bb global_colors_info=\u00a0\u00bb{}\u00a0\u00bb]<\/p>\n<p>Sp\u00e9cialiste en psychiatrie et psychoth\u00e9rapie<br \/>Sp\u00e9cialisation en psychiatrie et psychoth\u00e9rapie de la personne \u00e2g\u00e9e<br \/>MAS FHO in Health Service Management<\/p>\n<p>[\/et_pb_text][\/et_pb_column][\/et_pb_row][et_pb_row column_structure=\u00a0\u00bb1_3,1_3,1_3&Prime; _builder_version=\u00a0\u00bb4.27.4&Prime; _module_preset=\u00a0\u00bbdefault\u00a0\u00bb global_colors_info=\u00a0\u00bb{}\u00a0\u00bb][et_pb_column type=\u00a0\u00bb1_3&Prime; _builder_version=\u00a0\u00bb4.27.4&Prime; _module_preset=\u00a0\u00bbdefault\u00a0\u00bb global_colors_info=\u00a0\u00bb{}\u00a0\u00bb][et_pb_image src=\u00a0\u00bbhttps:\/\/sshid.info\/wp-content\/uploads\/2025\/03\/Vorstand_SSHID_Sandra_Amelunxen.jpg\u00a0\u00bb alt=\u00a0\u00bbConseil d&#039;administration_SSHID_Sandra_Amelunxen\u00a0\u00bb title_text=\u00a0\u00bbConseil d&#039;administration_SSHID_Sandra_Amelunxen\u00a0\u00bb module_class=\u00a0\u00bbimage-format-wide\u00a0\u00bb _builder_version=\u00a0\u00bb4.27.4&Prime; _module_preset=\u00a0\u00bbdefault\u00a0\u00bb global_colors_info=\u00a0\u00bb{}\u00a0\u00bb][\/et_pb_image][et_pb_text _builder_version=\u00a0\u00bb4.27.4&Prime; _module_preset=\u00a0\u00bbdefault\u00a0\u00bb global_colors_info=\u00a0\u00bb{}\u00a0\u00bb]<\/p>\n<p><strong>Dr. med. Sandra Amelunxen<br \/><\/strong>Formation continue<\/p>\n<p>[\/et_pb_text][et_pb_text _builder_version=\u00a0\u00bb4.27.4&Prime; _module_preset=\u00a0\u00bbdefault\u00a0\u00bb global_colors_info=\u00a0\u00bb{}\u00a0\u00bb]<\/p>\n<p>Sp\u00e9cialiste en m\u00e9decine g\u00e9n\u00e9rale  <\/p>\n<p>[\/et_pb_text][\/et_pb_column][et_pb_column type=\u00a0\u00bb1_3&Prime; _builder_version=\u00a0\u00bb4.27.4&Prime; _module_preset=\u00a0\u00bbdefault\u00a0\u00bb global_colors_info=\u00a0\u00bb{}\u00a0\u00bb][et_pb_image src=\u00a0\u00bbhttps:\/\/sshid.info\/wp-content\/uploads\/2025\/03\/Vorstand_SSHID_Thomas_Dorn.jpg\u00a0\u00bb alt=\u00a0\u00bbConseil d&#039;administration_SSHID_Thomas_Dorn\u00a0\u00bb title_text=\u00a0\u00bbConseil d&#039;administration_SSHID_Thomas_Dorn\u00a0\u00bb module_class=\u00a0\u00bbimage-format-wide\u00a0\u00bb _builder_version=\u00a0\u00bb4.27.4&Prime; _module_preset=\u00a0\u00bbdefault\u00a0\u00bb global_colors_info=\u00a0\u00bb{}\u00a0\u00bb][\/et_pb_image][et_pb_text _builder_version=\u00a0\u00bb4.27.4&Prime; _module_preset=\u00a0\u00bbdefault\u00a0\u00bb global_colors_info=\u00a0\u00bb{}\u00a0\u00bb]<\/p>\n<p><strong>Dr. med. Thomas Dorn<br \/><\/strong>Pr\u00e9sence sur le web<\/p>\n<p>[\/et_pb_text][et_pb_text _builder_version=\u00a0\u00bb4.27.4&Prime; _module_preset=\u00a0\u00bbdefault\u00a0\u00bb global_colors_info=\u00a0\u00bb{}\u00a0\u00bb]<\/p>\n<p>Sp\u00e9cialiste en neurologie<\/p>\n<p>[\/et_pb_text][\/et_pb_column][et_pb_column type=\u00a0\u00bb1_3&Prime; _builder_version=\u00a0\u00bb4.27.4&Prime; _module_preset=\u00a0\u00bbdefault\u00a0\u00bb global_colors_info=\u00a0\u00bb{}\u00a0\u00bb][et_pb_image src=\u00a0\u00bbhttps:\/\/sshid.info\/wp-content\/uploads\/2025\/03\/Vorstand_SSHID_Eugenio-Abela.jpg\u00a0\u00bb alt=\u00a0\u00bbConseil d&#039;administration_SSHID_Eugenio Abela\u00a0\u00bb title_text=\u00a0\u00bbConseil d&#039;administration_SSHID_Eugenio Abela\u00a0\u00bb module_class=\u00a0\u00bbimage-format-wide\u00a0\u00bb _builder_version=\u00a0\u00bb4.27.4&Prime; _module_preset=\u00a0\u00bbdefault\u00a0\u00bb global_colors_info=\u00a0\u00bb{}\u00a0\u00bb][\/et_pb_image][et_pb_text _builder_version=\u00a0\u00bb4.27.4&Prime; _module_preset=\u00a0\u00bbdefault\u00a0\u00bb global_colors_info=\u00a0\u00bb{}\u00a0\u00bb]<\/p>\n<p><strong>Dr. med. Eugenio Abela<br \/><\/strong><strong><\/strong><\/p>\n<p>[\/et_pb_text][et_pb_text _builder_version=\u00a0\u00bb4.27.4&Prime; _module_preset=\u00a0\u00bbdefault\u00a0\u00bb global_colors_info=\u00a0\u00bb{}\u00a0\u00bb]<\/p>\n<p>Sp\u00e9cialiste en neurologie<\/p>\n<p>[\/et_pb_text][\/et_pb_column][\/et_pb_row][et_pb_row column_structure=\u00a0\u00bb1_3,1_3,1_3&Prime; _builder_version=\u00a0\u00bb4.27.4&Prime; _module_preset=\u00a0\u00bbdefault\u00a0\u00bb global_colors_info=\u00a0\u00bb{}\u00a0\u00bb][et_pb_column type=\u00a0\u00bb1_3&Prime; _builder_version=\u00a0\u00bb4.27.4&Prime; _module_preset=\u00a0\u00bbdefault\u00a0\u00bb global_colors_info=\u00a0\u00bb{}\u00a0\u00bb][et_pb_image src=\u00a0\u00bbhttps:\/\/sshid.info\/wp-content\/uploads\/2025\/03\/Vorstand_SSHID_Stefania_Calabrese.jpg\u00a0\u00bb alt=\u00a0\u00bbConseil d&#039;administration_SSHID_Stefania_Calabrese\u00a0\u00bb title_text=\u00a0\u00bbConseil d&#039;administration_SSHID_Stefania_Calabrese\u00a0\u00bb module_class=\u00a0\u00bbimage-format-wide\u00a0\u00bb _builder_version=\u00a0\u00bb4.27.4&Prime; _module_preset=\u00a0\u00bbdefault\u00a0\u00bb global_colors_info=\u00a0\u00bb{}\u00a0\u00bb][\/et_pb_image][et_pb_text _builder_version=\u00a0\u00bb4.27.4&Prime; _module_preset=\u00a0\u00bbdefault\u00a0\u00bb global_colors_info=\u00a0\u00bb{}\u00a0\u00bb]<\/p>\n<p><strong>Prof. FH Dr. phil. Stefania Calabrese <\/strong><strong><\/strong><\/p>\n<p>[\/et_pb_text][et_pb_text _builder_version=\u00a0\u00bb4.27.4&Prime; _module_preset=\u00a0\u00bbdefault\u00a0\u00bb global_colors_info=\u00a0\u00bb{}\u00a0\u00bb]<\/p>\n<p><strong><\/strong>Sp\u00e9cialiste en sciences de l&rsquo;\u00e9ducation, \u00e9ducateur sp\u00e9cialis\u00e9<\/p>\n<p>[\/et_pb_text][\/et_pb_column][et_pb_column type=\u00a0\u00bb1_3&Prime; _builder_version=\u00a0\u00bb4.27.4&Prime; _module_preset=\u00a0\u00bbdefault\u00a0\u00bb global_colors_info=\u00a0\u00bb{}\u00a0\u00bb][et_pb_image src=\u00a0\u00bbhttps:\/\/sshid.info\/wp-content\/uploads\/2025\/03\/Vorstand_SSHID_Sandra-Schleuser.jpg\u00a0\u00bb alt=\u00a0\u00bbConseil d&#039;administration_SSHID_Sandra Schleuser\u00a0\u00bb title_text=\u00a0\u00bbConseil d&#039;administration_SSHID_Sandra Schleuser\u00a0\u00bb module_class=\u00a0\u00bbimage-format-wide\u00a0\u00bb _builder_version=\u00a0\u00bb4.27.4&Prime; _module_preset=\u00a0\u00bbdefault\u00a0\u00bb global_colors_info=\u00a0\u00bb{}\u00a0\u00bb][\/et_pb_image][et_pb_text _builder_version=\u00a0\u00bb4.27.4&Prime; _module_preset=\u00a0\u00bbdefault\u00a0\u00bb global_colors_info=\u00a0\u00bb{}\u00a0\u00bb]<\/p>\n<p><strong>Dr. med. Sandra Schleusener<\/strong><strong><\/strong><\/p>\n<p>[\/et_pb_text][et_pb_text _builder_version=\u00a0\u00bb4.27.4&Prime; _module_preset=\u00a0\u00bbdefault\u00a0\u00bb global_colors_info=\u00a0\u00bb{}\u00a0\u00bb]<\/p>\n<p>M\u00e9decin sp\u00e9cialiste en psychiatrie et psychoth\u00e9rapie<\/p>\n<p>[\/et_pb_text][\/et_pb_column][et_pb_column type=\u00a0\u00bb1_3&Prime; _builder_version=\u00a0\u00bb4.27.4&Prime; _module_preset=\u00a0\u00bbdefault\u00a0\u00bb global_colors_info=\u00a0\u00bb{}\u00a0\u00bb][et_pb_image src=\u00a0\u00bbhttps:\/\/sshid.info\/wp-content\/uploads\/2025\/03\/Vorstand_SSHID_Birgit-Mayer.jpg\u00a0\u00bb alt=\u00a0\u00bbConseil d&#039;administration_SSHID_Birgit Mayer\u00a0\u00bb title_text=\u00a0\u00bbConseil d&#039;administration_SSHID_Birgit Mayer\u00a0\u00bb module_class=\u00a0\u00bbimage-format-wide\u00a0\u00bb _builder_version=\u00a0\u00bb4.27.4&Prime; _module_preset=\u00a0\u00bbdefault\u00a0\u00bb global_colors_info=\u00a0\u00bb{}\u00a0\u00bb][\/et_pb_image][et_pb_text _builder_version=\u00a0\u00bb4.27.4&Prime; _module_preset=\u00a0\u00bbdefault\u00a0\u00bb global_colors_info=\u00a0\u00bb{}\u00a0\u00bb]<\/p>\n<p><strong>Dr. rer. nat. Birgit Mayer  <\/strong><strong><\/strong><\/p>\n<p>[\/et_pb_text][et_pb_text _builder_version=\u00a0\u00bb4.27.4&Prime; _module_preset=\u00a0\u00bbdefault\u00a0\u00bb global_colors_info=\u00a0\u00bb{}\u00a0\u00bb]<\/p>\n<p>Psychologue dipl\u00f4m\u00e9e<\/p>\n<p>[\/et_pb_text][\/et_pb_column][\/et_pb_row][et_pb_row column_structure=\u00a0\u00bb1_3,1_3,1_3&Prime; _builder_version=\u00a0\u00bb4.27.4&Prime; _module_preset=\u00a0\u00bbdefault\u00a0\u00bb global_colors_info=\u00a0\u00bb{}\u00a0\u00bb][et_pb_column type=\u00a0\u00bb1_3&Prime; _builder_version=\u00a0\u00bb4.27.4&Prime; _module_preset=\u00a0\u00bbdefault\u00a0\u00bb global_colors_info=\u00a0\u00bb{}\u00a0\u00bb][et_pb_image src=\u00a0\u00bbhttps:\/\/sshid.info\/wp-content\/uploads\/2025\/02\/Header-Background-Light.jpg\u00a0\u00bb alt=\u00a0\u00bbFond bleu clair avec \u00e9l\u00e9ments de logo\u00a0\u00bb title_text=\u00a0\u00bbFond bleu clair avec \u00e9l\u00e9ments de logo\u00a0\u00bb module_class=\u00a0\u00bbimage-format-wide\u00a0\u00bb _builder_version=\u00a0\u00bb4.27.4&Prime; _module_preset=\u00a0\u00bbdefault\u00a0\u00bb hover_enabled=\u00a0\u00bb0&Prime; global_colors_info=\u00a0\u00bb{}\u00a0\u00bb sticky_enabled=\u00a0\u00bb0&Prime;][\/et_pb_image][et_pb_text _builder_version=\u00a0\u00bb4.27.4&Prime; _module_preset=\u00a0\u00bbdefault\u00a0\u00bb hover_enabled=\u00a0\u00bb0&Prime; global_colors_info=\u00a0\u00bb{}\u00a0\u00bb sticky_enabled=\u00a0\u00bb0&Prime;]<\/p>\n<p><strong>MScN . Irina Br\u00fcgger <\/strong><\/p>\n<p>[\/et_pb_text][et_pb_text _builder_version=\u00a0\u00bb4.27.4&Prime; _module_preset=\u00a0\u00bbdefault\u00a0\u00bb hover_enabled=\u00a0\u00bb0&Prime; global_colors_info=\u00a0\u00bb{}\u00a0\u00bb sticky_enabled=\u00a0\u00bb0&Prime;]<\/p>\n<p><strong><\/strong>Expert en soins infirmiers APN-CH<\/p>\n<p>[\/et_pb_text][\/et_pb_column][et_pb_column type=\u00a0\u00bb1_3&Prime; _builder_version=\u00a0\u00bb4.27.4&Prime; _module_preset=\u00a0\u00bbdefault\u00a0\u00bb global_colors_info=\u00a0\u00bb{}\u00a0\u00bb][\/et_pb_column][et_pb_column type=\u00a0\u00bb1_3&Prime; _builder_version=\u00a0\u00bb4.27.4&Prime; _module_preset=\u00a0\u00bbdefault\u00a0\u00bb global_colors_info=\u00a0\u00bb{}\u00a0\u00bb][\/et_pb_column][\/et_pb_row][\/et_pb_section]<\/p>\n","protected":false},"excerpt":{"rendered":"<p>Dr. med. Dan GeorgescuPr\u00e9sidentM\u00e9decin sp\u00e9cialiste en psychiatrie et psychoth\u00e9rapiespez. Psychiatrie et psychoth\u00e9rapie de la personne \u00e2g\u00e9esp\u00e9c. Psychiatrie de consultation et de liaisonFA M\u00e9decine psychosomatique et psychosocialePD Dr. med. Markus KoselVice-pr\u00e9sidentM\u00e9decin sp\u00e9cialiste en psychiatrie et psychoth\u00e9rapieDr. med. Andreas FuchsTr\u00e9sorierSp\u00e9cialiste en psychiatrie et psychoth\u00e9rapieSp\u00e9cialisation en psychiatrie et psychoth\u00e9rapie de la personne \u00e2g\u00e9eMAS FHO in Health Service ManagementDr. [&hellip;]<\/p>\n","protected":false},"author":1,"featured_media":0,"parent":612,"menu_order":0,"comment_status":"closed","ping_status":"closed","template":"","meta":{"_et_pb_use_builder":"on","_et_pb_old_content":"","_et_gb_content_width":"","footnotes":""},"folder":[14],"class_list":["post-586","page","type-page","status-publish","hentry"],"_links":{"self":[{"href":"https:\/\/sshid.info\/fr\/wp-json\/wp\/v2\/pages\/586","targetHints":{"allow":["GET"]}}],"collection":[{"href":"https:\/\/sshid.info\/fr\/wp-json\/wp\/v2\/pages"}],"about":[{"href":"https:\/\/sshid.info\/fr\/wp-json\/wp\/v2\/types\/page"}],"author":[{"embeddable":true,"href":"https:\/\/sshid.info\/fr\/wp-json\/wp\/v2\/users\/1"}],"replies":[{"embeddable":true,"href":"https:\/\/sshid.info\/fr\/wp-json\/wp\/v2\/comments?post=586"}],"version-history":[{"count":7,"href":"https:\/\/sshid.info\/fr\/wp-json\/wp\/v2\/pages\/586\/revisions"}],"predecessor-version":[{"id":776,"href":"https:\/\/sshid.info\/fr\/wp-json\/wp\/v2\/pages\/586\/revisions\/776"}],"up":[{"embeddable":true,"href":"https:\/\/sshid.info\/fr\/wp-json\/wp\/v2\/pages\/612"}],"wp:attachment":[{"href":"https:\/\/sshid.info\/fr\/wp-json\/wp\/v2\/media?parent=586"}],"wp:term":[{"taxonomy":"folder","embeddable":true,"href":"https:\/\/sshid.info\/fr\/wp-json\/wp\/v2\/folder?post=586"}],"curies":[{"name":"wp","href":"https:\/\/api.w.org\/{rel}","templated":true}]}}